{"id":4167,"date":"2020-03-11T15:09:56","date_gmt":"2020-03-11T15:09:56","guid":{"rendered":"http:\/\/ceca.mini.icom.museum\/?page_id=4167"},"modified":"2024-11-07T12:54:13","modified_gmt":"2024-11-07T12:54:13","slug":"conferences-regionales-passees","status":"publish","type":"page","link":"https:\/\/ceca.mini.icom.museum\/fr\/conferences\/conferences-regionales-passees\/","title":{"rendered":"Conf\u00e9rences r\u00e9gionales pass\u00e9es"},"content":{"rendered":"<h2>Europe<\/h2>\n<h3>GRECE 2023<\/h3>\n<p><strong>Le Comit\u00e9 national hell\u00e9nique de l&#8217;ICOM<\/strong>, en partenariat avec l&#8217;ICOM-Europe, l&#8217;ICOM-France et l&#8217;ICOM-Chypre, et avec<strong> l&#8217;ICOM-CECA<\/strong>, l&#8217;ICOM-Belgique, l&#8217;ICOM-Allemagne, l&#8217;ICOM-Italie, l&#8217;ICOM-Moldavie, l&#8217;ICOM-Roumanie et l&#8217;ICOM-UKRAINE en tant que Comit\u00e9s associ\u00e9s, a re\u00e7u une subvention de l&#8217;ICOM-SAREC 2023 pour organiser la <strong>Conf\u00e9rence europ\u00e9enne &#8220;L&#8217;Europe des mus\u00e9es : Nouvelle d\u00e9finition, nouvelles perspectives. Identit\u00e9, cr\u00e9dibilit\u00e9, durabilit\u00e9&#8221;<\/strong>.<\/p>\n<p><img decoding=\"async\" loading=\"lazy\" class=\"size-medium wp-image-10780 alignright\" src=\"https:\/\/ceca.mini.icom.museum\/wp-content\/uploads\/sites\/5\/2023\/12\/image-affichette-768x537-720x480-c-center-300x200.jpg\" alt=\"\" width=\"300\" height=\"200\" srcset=\"https:\/\/ceca.mini.icom.museum\/wp-content\/uploads\/sites\/5\/2023\/12\/image-affichette-768x537-720x480-c-center-300x200.jpg 300w, https:\/\/ceca.mini.icom.museum\/wp-content\/uploads\/sites\/5\/2023\/12\/image-affichette-768x537-720x480-c-center.jpg 720w\" sizes=\"(max-width: 300px) 100vw, 300px\" \/>La conf\u00e9rence aura lieu<strong> les 12 et 13 d\u00e9cembre 2023, au Mus\u00e9e de l&#8217;Acropole \u00e0 Ath\u00e8nes, en Gr\u00e8ce<\/strong>. Ce sera le point culminant d&#8217;une s\u00e9rie d&#8217;\u00e9v\u00e9nements qui se d\u00e9rouleront tout au long de l&#8217;ann\u00e9e 2023 pour c\u00e9l\u00e9brer le 40e anniversaire du Comit\u00e9 national hell\u00e9nique de l&#8217;ICOM.<\/p>\n<p>La conf\u00e9rence r\u00e9fl\u00e9chira aux fonctions fondamentales des mus\u00e9es et \u00e0 leur r\u00f4le dans le traitement et la r\u00e9solution des probl\u00e8mes contemporains. Elle explorera \u00e9galement les nouveaux d\u00e9fis et perspectives en termes d&#8217;identit\u00e9, de cr\u00e9dibilit\u00e9 et de durabilit\u00e9 auxquels sont confront\u00e9s les mus\u00e9es europ\u00e9ens dans le monde post-pand\u00e9mique. Conform\u00e9ment aux principes du plan strat\u00e9gique 2023-2028 de l&#8217;ICOM, les th\u00e8mes de la conf\u00e9rence ouvriront, nous l&#8217;esp\u00e9rons, une discussion fructueuse qui permettra d&#8217;envisager l&#8217;avenir des mus\u00e9es europ\u00e9ens.<\/p>\n<ul>\n<li>Pour toute mise \u00e0 jour, veuillez consulter <a href=\"https:\/\/icom-greece.mini.icom.museum\/en\/registration-european-conference-europe-of-museums-12th-13th-of-december-2023\/\" target=\"_blank\" rel=\"noopener\">notre site web<\/a>.<\/li>\n<li><a href=\"https:\/\/icom-greece.mini.icom.museum\/en\/registration-european-conference-europe-of-museums-12th-13th-of-december-2023\/\" target=\"_blank\" rel=\"noopener\">Enregistrement des participants<\/a><\/li>\n<li><a href=\"https:\/\/us06web.zoom.us\/webinar\/register\/WN_QHur4_A3ROaBgmHHGd1xEw#\/registration\" target=\"_blank\" rel=\"noopener\">Enregistrement pour la visio Zoom<\/a><\/li>\n<\/ul>\n<p>&nbsp;<\/p>\n<h3>DANEMARK\u00a0 2022<\/h3>\n<p><img decoding=\"async\" loading=\"lazy\" class=\"aligncenter wp-image-8664 size-full\" src=\"https:\/\/ceca.mini.icom.museum\/wp-content\/uploads\/sites\/5\/2022\/03\/Barre-Conf-Reg-Hojbjerg-2022-700pxR01.jpg\" alt=\"\" width=\"700\" height=\"257\" srcset=\"https:\/\/ceca.mini.icom.museum\/wp-content\/uploads\/sites\/5\/2022\/03\/Barre-Conf-Reg-Hojbjerg-2022-700pxR01.jpg 700w, https:\/\/ceca.mini.icom.museum\/wp-content\/uploads\/sites\/5\/2022\/03\/Barre-Conf-Reg-Hojbjerg-2022-700pxR01-300x110.jpg 300w\" sizes=\"(max-width: 700px) 100vw, 700px\" \/><\/p>\n<p><strong>Du 6 au 8 octobre 2022, le mus\u00e9e Moesgaard organise la conf\u00e9rence CECA Europe sur le th\u00e8me de l&#8217;AMUSEMENT.<\/strong><\/p>\n<p>La conf\u00e9rence europ\u00e9enne CECA de l&#8217;ICOM r\u00e9unira des pr\u00e9sentations inspirantes, des recherches actuelles et des apports exploitables par des experts du domaine.<\/p>\n<p>Notre sujet principal est le pouvoir du plaisir dans les programmes des mus\u00e9es &#8211; Comment am\u00e9liorer le bien-\u00eatre, l&#8217;interaction sociale et les exp\u00e9riences positives dans nos mus\u00e9es.<\/p>\n<p>Nous allons examiner de plus pr\u00e8s la relation entre le travail des d\u00e9partements d&#8217;\u00e9ducation et d&#8217;audience et les r\u00e9sultats avec les participants. Nous explorerons comment nos interactions influencent l&#8217;\u00e9tat d&#8217;esprit de nos visiteurs et la dynamique dans nos groupes. L&#8217;objectif de cette conf\u00e9rence est de promouvoir le dialogue entre coll\u00e8gues, de partager des exemples et des id\u00e9es dans le cadre d&#8217;ateliers et de pr\u00e9sentations, ainsi que de donner un nouvel aper\u00e7u de la recherche sur le sujet.<\/p>\n<p><strong>Voici le lien vers la conf\u00e9rence &lt;<a href=\"https:\/\/www.moesgaardmuseum.dk\/besoeg-os\/for-skoler\/icom-ceca-conference\/\" target=\"_blank\" rel=\"noopener\">ici<\/a>&gt;\u00a0\u00a0\u00a0 <\/strong><\/p>\n<h4><strong>\u25ba <\/strong><strong>\u25ba <\/strong><strong>Voici les derni\u00e8res nouvelles :<\/strong><\/h4>\n<p><strong>CONF\u00c9RENCE R\u00c9GIONALE \/ CONF\u00c9RENCE ICOM CECA EUROPE<\/strong><br \/>\nLe pouvoir du joyeux dans les programmes des mus\u00e9es<br \/>\n<strong>06. &#8211; 08. Octobre 2022<\/strong><br \/>\nMus\u00e9e Moesgaard, Aarhus Danemark<\/p>\n<p>Nous avons mis en place un excellent programme pour les m\u00e9diateurs et \u00e9ducateurs de mus\u00e9es avec quatre panels en parall\u00e8le et un large \u00e9ventail de sujets comme la sant\u00e9 et le bien-\u00eatre, la recherche actuelle, les diff\u00e9rents groupes cibles et bien s\u00fbr le programme de formation des formateurs.<br \/>\nIl y aura environ 50 pr\u00e9sentations avec des intervenants d&#8217;Inde, de Norv\u00e8ge, du Portugal, de Serbie, de Su\u00e8de, du Canada, de France, des Pays-Bas, de Turquie, des \u00c9tats-Unis, du Royaume-Uni, d&#8217;Autriche, de Finlande, d&#8217;Allemagne, de Belgique et du Danemark.<br \/>\nApr\u00e8s deux journ\u00e9es de s\u00e9minaire au mus\u00e9e Moesgaard avec des ateliers intensifs, des exemples de meilleures pratiques et des recherches, le programme sera compl\u00e9t\u00e9 par un coup d&#8217;\u0153il dans les coulisses des mus\u00e9es aarhusiens : Mus\u00e9e d&#8217;art Aros, Gamle By &#8211; le mus\u00e9e de la vieille ville, le mus\u00e9e d&#8217;histoire naturelle d&#8217;Aarhus et K\u00d8N- le mus\u00e9e du genre.<\/p>\n<p><strong>\u25ba <\/strong><strong>Retrouvez toutes les informations sur la conf\u00e9rence &lt;<a href=\"https:\/\/www.moesgaardmuseum.dk\/besoeg-os\/for-skoler\/icom-ceca-conference\/\" target=\"_blank\" rel=\"noopener\">ici<\/a>&gt;<\/strong><br \/>\n<strong>\u25ba <\/strong><strong>Inscrivez-vous &lt;<a href=\"https:\/\/www.moesgaardmuseum.dk\/besoeg-os\/for-skoler\/icom-ceca-conference\/fees-and-registration\/\" target=\"_blank\" rel=\"noopener\">ici<\/a>&gt;<\/strong><br \/>\n<strong>\u25ba <\/strong><strong>Pour plus d&#8217;informations, veuillez contacter<\/strong> \u00a0 <a href=\"mailto:ceca.europe[at]moesgaardmuseum.dk\" target=\"_blank\" rel=\"noopener\">ceca.europe[at]moesgaardmuseum.dk<\/a><\/p>\n<p><strong>Wencke Maderbacher<\/strong><br \/>\nLeder af formidling<br \/>\nICOM CECA Europe Coordinator<\/p>\n<p>Moesgaard Museum<br \/>\nMoesg\u00e5rd All\u00e9 15<br \/>\n8270 H\u00f8jbjerg<br \/>\n&lt;<em>wma[at]moesgaardmuseum.dk<\/em>&gt;<\/p>\n<p><img decoding=\"async\" loading=\"lazy\" class=\"aligncenter wp-image-8670 size-full\" src=\"https:\/\/ceca.mini.icom.museum\/wp-content\/uploads\/sites\/5\/2022\/03\/Barre-Conf-Reg-Hojbjerg-2022-700pxR-02-1.jpg\" alt=\"\" width=\"700\" height=\"181\" srcset=\"https:\/\/ceca.mini.icom.museum\/wp-content\/uploads\/sites\/5\/2022\/03\/Barre-Conf-Reg-Hojbjerg-2022-700pxR-02-1.jpg 700w, https:\/\/ceca.mini.icom.museum\/wp-content\/uploads\/sites\/5\/2022\/03\/Barre-Conf-Reg-Hojbjerg-2022-700pxR-02-1-300x78.jpg 300w\" sizes=\"(max-width: 700px) 100vw, 700px\" \/><\/p>\n<h3><\/h3>\n<h3>FRANCE 2022<\/h3>\n<p><strong><img decoding=\"async\" loading=\"lazy\" class=\"alignright wp-image-8877\" src=\"https:\/\/ceca.mini.icom.museum\/wp-content\/uploads\/sites\/5\/2022\/06\/vignette-SIG-pour-interieur-1-300x198.jpg\" alt=\"\" width=\"200\" height=\"132\" srcset=\"https:\/\/ceca.mini.icom.museum\/wp-content\/uploads\/sites\/5\/2022\/06\/vignette-SIG-pour-interieur-1-300x198.jpg 300w, https:\/\/ceca.mini.icom.museum\/wp-content\/uploads\/sites\/5\/2022\/06\/vignette-SIG-pour-interieur-1-768x507.jpg 768w, https:\/\/ceca.mini.icom.museum\/wp-content\/uploads\/sites\/5\/2022\/06\/vignette-SIG-pour-interieur-1.jpg 814w\" sizes=\"(max-width: 200px) 100vw, 200px\" \/>Conf\u00e9rence annuelle du r\u00e9seau CECA France du 4 juillet 2022<\/strong> : synth\u00e8se de la Journ\u00e9e &lt;<strong><a href=\"https:\/\/ceca.mini.icom.museum\/wp-content\/uploads\/sites\/5\/2022\/12\/Synthe-Conference-annuelle-du-reseau-CECA-France.pdf\" target=\"_blank\" rel=\"noopener\">ici<\/a><\/strong>&gt;<\/p>\n<p>Trois axes, qui correspondent \u00e0 la triple acception du mot \u00ab sens \u00bb, tracent le fil conducteur de cette journ\u00e9e : le sens entendu en tant que &#8220;direction&#8221; (les missions du mus\u00e9e et de la m\u00e9diation) ;<br \/>\nle sens entendu en tant que &#8220;signification&#8221; (les diff\u00e9rents savoirs, les diff\u00e9rentes approches, les diff\u00e9rents formats de la m\u00e9diation) ;<br \/>\nle sens entendu en tant que &#8220;sensible&#8221; et &#8220;sensoriel&#8221; (la pr\u00e9sence et l\u2019importance du pluri-sensoriel dans la m\u00e9diation).<br \/>\n<strong>Videos<\/strong> :<br \/>\n<a href=\"https:\/\/youtu.be\/dALEuFrKEgs\" target=\"_blank\" rel=\"noopener\">Parties 1-2<\/a><br \/>\n<a href=\"https:\/\/youtu.be\/0Th55vq73Rs\" target=\"_blank\" rel=\"noopener\">Partie 3<\/a><\/p>\n<h3>AUSTRIA 2019<\/h3>\n<p><strong>4th ICOM CEC<img decoding=\"async\" loading=\"lazy\" class=\"alignright wp-image-2957\" src=\"https:\/\/ceca.mini.icom.museum\/wp-content\/uploads\/sites\/5\/2019\/12\/austria-conference-2019-630-300x210.jpg\" alt=\"\" width=\"191\" height=\"134\" srcset=\"https:\/\/ceca.mini.icom.museum\/wp-content\/uploads\/sites\/5\/2019\/12\/austria-conference-2019-630-300x210.jpg 300w, https:\/\/ceca.mini.icom.museum\/wp-content\/uploads\/sites\/5\/2019\/12\/austria-conference-2019-630.jpg 644w\" sizes=\"(max-width: 191px) 100vw, 191px\" \/>A Austria Conference<\/strong> for the Austrian Museum Day &#8211; 09th October 2019 &#8211; Salzburg Museum, 5010 Salzburg &#8211; Austria<\/p>\n<p><strong>Speak up!<\/strong> Is cultural mediation the voice of the museum? Who determines, what is being talked about, how and with whom? Who do we give a voice to? And who stays unheard?<\/p>\n<p>&lt;<a href=\"https:\/\/ceca.mini.icom.museum\/wp-content\/uploads\/sites\/5\/2019\/12\/4th-ICOM-CECA-Austria-Conference-Salzburg-2019-ENG-1.pdf\" target=\"_blank\" rel=\"noopener\">4th ICOM CECA Austria Conference Salzburg 2019<\/a>&gt;<\/p>\n<p>&nbsp;<\/p>\n<h3>PORTUGAL 2019<\/h3>\n<p><strong><img decoding=\"async\" loading=\"lazy\" class=\" wp-image-2980 alignright\" src=\"https:\/\/ceca.mini.icom.museum\/wp-content\/uploads\/sites\/5\/2019\/12\/seminaire-action-\u00e9ducative-partugal-juin2019-213x300.gif\" alt=\"\" width=\"141\" height=\"199\" \/>ICOM-CECA International Seminar. <\/strong>Museums \/ Community and education &#8211; 24-26 June 2019 &#8211; Lisbon<\/p>\n<p>The International Conference was a joint initiative of ICOM Portugal, ICOM-CECA and ICOM Europe on museums, community and education, on the theme of the ICOM General Conference in Kyoto. This conference included 3 thematic sessions: Memory and Community, Education and Community, Heritage as an expression of different cultures and different migrations<\/p>\n<p>&lt;<a href=\"https:\/\/ceca.mini.icom.museum\/wp-content\/uploads\/sites\/5\/2019\/12\/Seminaire-lisbone-juin-2019-ANG.pdf\" target=\"_blank\" rel=\"noopener\">Seminar Lisbone june 2019<\/a>&gt;<\/p>\n<p>&nbsp;<\/p>\n<hr \/>\n<h2><\/h2>\n<h2>Middle East and Maghreb<\/h2>\n<h3>QATAR 2019<\/h3>\n<p><strong><img decoding=\"async\" loading=\"lazy\" class=\"alignright wp-image-2998 \" src=\"https:\/\/ceca.mini.icom.museum\/wp-content\/uploads\/sites\/5\/2019\/12\/workshop-nov2019-Quatar-300x193.jpg\" alt=\"\" width=\"214\" height=\"138\" srcset=\"https:\/\/ceca.mini.icom.museum\/wp-content\/uploads\/sites\/5\/2019\/12\/workshop-nov2019-Quatar-300x193.jpg 300w, https:\/\/ceca.mini.icom.museum\/wp-content\/uploads\/sites\/5\/2019\/12\/workshop-nov2019-Quatar.jpg 444w\" sizes=\"(max-width: 214px) 100vw, 214px\" \/>ICOM CECA Regional Workshop<\/strong>. From 9 to 11 November 2019 &#8211; Msheireb Museums &#8211; Doha, Qatar.<\/p>\n<p>When theory meets practice: practical approaches to museum education.<br \/>\nKey aspects: explore the relationship between the museum&#8217;s pedagogical theory and practical activities, focusing on participatory approaches.<br \/>\nModerated by Gabriela Aidar (Brazil) and Ricardo Rubiales (Mexico), members of the CECA.<\/p>\n<p>&lt;<a href=\"https:\/\/ceca.mini.icom.museum\/wp-content\/uploads\/sites\/5\/2019\/12\/ICOM-CECA-Regional-Workshop-Quatar-nov2019-ANG.pdf\" target=\"_blank\" rel=\"noopener\">Regional Workshop Quatar nov2019<\/a>&gt;<\/p>\n<p>&nbsp;<\/p>\n<hr \/>\n<h2>Latin America and the Caribbean<\/h2>\n<h3>PEROU \/ LAC 2023<\/h3>\n<h3><img decoding=\"async\" loading=\"lazy\" class=\"aligncenter wp-image-10789 size-full\" src=\"https:\/\/ceca.mini.icom.museum\/wp-content\/uploads\/sites\/5\/2023\/12\/bi-barre-manifestation-700R.jpg\" alt=\"\" width=\"700\" height=\"300\" srcset=\"https:\/\/ceca.mini.icom.museum\/wp-content\/uploads\/sites\/5\/2023\/12\/bi-barre-manifestation-700R.jpg 700w, https:\/\/ceca.mini.icom.museum\/wp-content\/uploads\/sites\/5\/2023\/12\/bi-barre-manifestation-700R-300x129.jpg 300w\" sizes=\"(max-width: 700px) 100vw, 700px\" \/><\/h3>\n<p><strong>Le mus\u00e9e Pachacamac de Lima, au P\u00e9rou, accueillera la XIIIe r\u00e9union r\u00e9gionale du CECA LAC 2023, qui se tiendra du 25 au 28 octobre.<\/strong><\/p>\n<p><strong>Cette ann\u00e9e, le th\u00e8me &#8220;Mus\u00e9es et d\u00e9veloppement durable&#8221;<\/strong> r\u00e9unira des membres du Comit\u00e9 pour l&#8217;\u00e9ducation et l&#8217;action culturelle pour l&#8217;Am\u00e9rique latine et les Cara\u00efbes ainsi que des professionnels li\u00e9s au travail mus\u00e9al, des travailleurs de mus\u00e9es et de centres culturels, des \u00e9ducateurs et des \u00e9tudiants universitaires, sur des aspects li\u00e9s \u00e0 l&#8217;\u00e9ducation mus\u00e9ale et au travail culturel, afin de g\u00e9n\u00e9rer des espaces de dialogue sur l&#8217;importance d&#8217;articuler les Objectifs de d\u00e9veloppement durable 2030 (ODD) des Nations unies, et donc d&#8217;incorporer des strat\u00e9gies de d\u00e9veloppement durable dans les mus\u00e9es de la r\u00e9gion.<\/p>\n<p><strong>Plus de 100 communications ont \u00e9t\u00e9 re\u00e7ues<\/strong>. Il y aura des conf\u00e9rences d&#8217;invit\u00e9s, des tables rondes d&#8217;exp\u00e9riences, des recherches et des ateliers, o\u00f9 nous aurons l&#8217;occasion de r\u00e9fl\u00e9chir aux actions autour de l&#8217;\u00e9ducation mus\u00e9ale dans nos communaut\u00e9s, ainsi que de promouvoir de bonnes pratiques socio-\u00e9ducatives qui garantissent des projets durables et le bien-\u00eatre de ceux qui en font partie.<\/p>\n<p><strong>Tant pour le CECA LAC, coordonn\u00e9 par Silvana Lovay, que pour le Museo Pachacamac<\/strong>,<strong> sous la direction de Denise Pozzi-Escot<\/strong>, la participation active de la communaut\u00e9 mus\u00e9ologique d&#8217;Am\u00e9rique latine et des Cara\u00efbes est extr\u00eamement importante, afin de g\u00e9n\u00e9rer de nouveaux liens et de renforcer les r\u00e9seaux de travail collaboratif, dans la poursuite de la construction collective, sur des questions d&#8217;analyse et de r\u00e9solution communes.<br \/>\nC&#8217;est pourquoi de nombreux membres du CECA LAC se rendront dans d&#8217;autres r\u00e9gions du P\u00e9rou une fois la r\u00e9union termin\u00e9e, afin d&#8217;explorer des exp\u00e9riences r\u00e9ussies sur l&#8217;impact des actions cr\u00e9\u00e9es par les mus\u00e9es avec les communaut\u00e9s de ces localit\u00e9s, et aussi pour animer des ateliers sur diff\u00e9rents sujets, comme la coordinatrice du CECA LAC, Silvana Lovay, la correspondante du CECA Colombie, Mar\u00eda M\u00f3nica Fuentes Leal et Paola Araiza Bola\u00f1os, correspondante du CECA Mexique, parmi d&#8217;autres.<\/p>\n<p><strong>Les invit\u00e9s sont :<\/strong><br \/>\nAlan Trampe, pr\u00e9sident du Conseil intergouvernemental du programme Ibermuseos.<br \/>\nMila Chiovatto, coordinatrice du Centre d&#8217;action \u00e9ducative de la Pinacoth\u00e8que de l&#8217;\u00c9tat de S\u00e3o Paulo.<br \/>\nMario Chagas, directeur du mus\u00e9e de la R\u00e9publique de Rio de Janeiro.<br \/>\nCecilia Genel Velasco, du Mexique et repr\u00e9sentante d&#8217;Ibermuseos, qui animera l&#8217;atelier central sur la durabilit\u00e9.<br \/>\nFernanda Castro, pr\u00e9sidente de l&#8217;Institut br\u00e9silien des mus\u00e9es (IBRAM) et Marielle Costa, fonctionnaire de l&#8217;IBRAM.<br \/>\nLe groupe d&#8217;int\u00e9r\u00eat sp\u00e9cial sur l&#8217;\u00e9ducation mus\u00e9ale et la d\u00e9colonialit\u00e9, qui pr\u00e9sente son travail sur le podcast &#8220;dECOloniales&#8221;.<br \/>\nCet \u00e9v\u00e9nement sera l&#8217;occasion d&#8217;apprendre, de partager et de cr\u00e9er des r\u00e9seaux autour des mus\u00e9es et du d\u00e9veloppement durable ; une rencontre organis\u00e9e \u00e0 partir de l&#8217;Am\u00e9rique latine et des Cara\u00efbes dans une perspective collaborative et d\u00e9coloniale.<\/p>\n<p><strong>Divers hommages seront \u00e9galement rendus<\/strong> \u00e0 ceux qui ont trac\u00e9 la voie des mus\u00e9es au P\u00e9rou, ainsi qu&#8217;aux femmes latino-am\u00e9ricaines qui sont une r\u00e9f\u00e9rence dans la r\u00e9gion pour leur travail.<br \/>\nEt \u00e0 la fin, un Manifeste sera pr\u00e9sent\u00e9 avec les voix des \u00e9ducateurs, exposant les r\u00e9alit\u00e9s de l&#8217;\u00e9ducation dans les mus\u00e9es d&#8217;Am\u00e9rique latine et des Cara\u00efbes. Un document r\u00e9alis\u00e9 pour la premi\u00e8re fois \u00e0 la demande de la coordinatrice du CECA LAC, et qui jettera les bases des futures rencontres, ainsi que de la publication en ligne des travaux pr\u00e9sent\u00e9s.<\/p>\n<p><strong>Cette rencontre sera possible gr\u00e2ce<\/strong> aux efforts de la direction du mus\u00e9e Pachacamac et de la coordination LAC du CECA ; et gr\u00e2ce au soutien institutionnel et financier d&#8217;Ibermuseos, de l&#8217;Institut br\u00e9silien des mus\u00e9es -IBRAM-, du minist\u00e8re de la Culture du P\u00e9rou, d&#8217;ICOM P\u00e9rou, de LATAM Airlines, de C\u00e1lidda (P\u00e9rou) et du soutien de l&#8217;Association des femmes artisanes SISAN ; et de plusieurs institutions mus\u00e9ologiques qui se joindront \u00e0 diff\u00e9rents \u00e9v\u00e9nements et manifestations dans la ville de Lima.<\/p>\n<p><strong>La participation est gratuite.<\/strong><br \/>\nL&#8217;inscription en tant que participant peut se faire ici : <a href=\"https:\/\/forms.gle\/f6pmHdQysBXgDYkH7\" target=\"_blank\" rel=\"noopener\">https:\/\/forms.gle\/f6pmHdQysBXgDYkH7<\/a><br \/>\nInformations \u00e0 l&#8217;adresse suivante : &lt;<em>cecalac2023[at]gmail.com<\/em>&gt;<\/p>\n<p><strong>\u25ba <\/strong><strong>\u25ba <\/strong>Vous trouverez en lien le <strong><a href=\"https:\/\/ceca.mini.icom.museum\/wp-content\/uploads\/sites\/5\/2023\/08\/Programa-CECA-LAC-2023.pdf\" target=\"_blank\" rel=\"noopener\">programme<\/a><\/strong> et des <strong><a href=\"https:\/\/ceca.mini.icom.museum\/wp-content\/uploads\/sites\/5\/2023\/08\/Informacio\u0301n-Hospedaje-y-logi\u0301stica-CECA-2023.pdf\" target=\"_blank\" rel=\"noopener\">informations sur l&#8217;h\u00e9bergement et la logistique<\/a><\/strong>. En espagnol.<\/p>\n<p><strong>\u25ba <\/strong><strong>\u25ba quelques photos la XIIIe r\u00e9union r\u00e9gionale du CECA LAC<br \/>\n<\/strong>cliquez sur les photos pour les agrandir.<strong><br \/>\n<\/strong><\/p>\n\n\t\t<style type=\"text\/css\">\n\t\t\t#gallery-1 {\n\t\t\t\tmargin: auto;\n\t\t\t}\n\t\t\t#gallery-1 .gallery-item {\n\t\t\t\tfloat: left;\n\t\t\t\tmargin-top: 10px;\n\t\t\t\ttext-align: center;\n\t\t\t\twidth: 25%;\n\t\t\t}\n\t\t\t#gallery-1 img {\n\t\t\t\tborder: 2px solid #cfcfcf;\n\t\t\t}\n\t\t\t#gallery-1 .gallery-caption {\n\t\t\t\tmargin-left: 0;\n\t\t\t}\n\t\t\t\/* see gallery_shortcode() in wp-includes\/media.php *\/\n\t\t<\/style>\n\t\t<div id='gallery-1' class='gallery galleryid-4167 gallery-columns-4 gallery-size-medium'><dl class='gallery-item'>\n\t\t\t<dt class='gallery-icon landscape'>\n\t\t\t\t<a href='https:\/\/ceca.mini.icom.museum\/fr\/conferences\/conferences-regionales\/lac-13-05\/'><img width=\"300\" height=\"300\" src=\"https:\/\/ceca.mini.icom.museum\/wp-content\/uploads\/sites\/5\/2023\/12\/LAC-13-05-300x300.jpg\" class=\"attachment-medium size-medium\" alt=\"\" decoding=\"async\" loading=\"lazy\" srcset=\"https:\/\/ceca.mini.icom.museum\/wp-content\/uploads\/sites\/5\/2023\/12\/LAC-13-05-300x300.jpg 300w, https:\/\/ceca.mini.icom.museum\/wp-content\/uploads\/sites\/5\/2023\/12\/LAC-13-05-150x150.jpg 150w, https:\/\/ceca.mini.icom.museum\/wp-content\/uploads\/sites\/5\/2023\/12\/LAC-13-05.jpg 706w\" sizes=\"(max-width: 300px) 100vw, 300px\" \/><\/a>\n\t\t\t<\/dt><\/dl><dl class='gallery-item'>\n\t\t\t<dt class='gallery-icon landscape'>\n\t\t\t\t<a href='https:\/\/ceca.mini.icom.museum\/fr\/conferences\/conferences-regionales\/lac-13-06-1\/'><img width=\"300\" height=\"300\" src=\"https:\/\/ceca.mini.icom.museum\/wp-content\/uploads\/sites\/5\/2023\/12\/LAC-13-06-1-300x300.jpg\" class=\"attachment-medium size-medium\" alt=\"\" decoding=\"async\" loading=\"lazy\" srcset=\"https:\/\/ceca.mini.icom.museum\/wp-content\/uploads\/sites\/5\/2023\/12\/LAC-13-06-1-300x300.jpg 300w, https:\/\/ceca.mini.icom.museum\/wp-content\/uploads\/sites\/5\/2023\/12\/LAC-13-06-1-150x150.jpg 150w, https:\/\/ceca.mini.icom.museum\/wp-content\/uploads\/sites\/5\/2023\/12\/LAC-13-06-1.jpg 706w\" sizes=\"(max-width: 300px) 100vw, 300px\" \/><\/a>\n\t\t\t<\/dt><\/dl><dl class='gallery-item'>\n\t\t\t<dt class='gallery-icon landscape'>\n\t\t\t\t<a href='https:\/\/ceca.mini.icom.museum\/fr\/conferences\/conferences-regionales\/lac-13-06-2\/'><img width=\"300\" height=\"300\" src=\"https:\/\/ceca.mini.icom.museum\/wp-content\/uploads\/sites\/5\/2023\/12\/LAC-13-06-2-300x300.jpg\" class=\"attachment-medium size-medium\" alt=\"\" decoding=\"async\" loading=\"lazy\" srcset=\"https:\/\/ceca.mini.icom.museum\/wp-content\/uploads\/sites\/5\/2023\/12\/LAC-13-06-2-300x300.jpg 300w, https:\/\/ceca.mini.icom.museum\/wp-content\/uploads\/sites\/5\/2023\/12\/LAC-13-06-2-150x150.jpg 150w, https:\/\/ceca.mini.icom.museum\/wp-content\/uploads\/sites\/5\/2023\/12\/LAC-13-06-2.jpg 706w\" sizes=\"(max-width: 300px) 100vw, 300px\" \/><\/a>\n\t\t\t<\/dt><\/dl><dl class='gallery-item'>\n\t\t\t<dt class='gallery-icon landscape'>\n\t\t\t\t<a href='https:\/\/ceca.mini.icom.museum\/fr\/conferences\/conferences-regionales\/lac-13-07\/'><img width=\"300\" height=\"300\" src=\"https:\/\/ceca.mini.icom.museum\/wp-content\/uploads\/sites\/5\/2023\/12\/LAC-13-07-300x300.jpg\" class=\"attachment-medium size-medium\" alt=\"\" decoding=\"async\" loading=\"lazy\" srcset=\"https:\/\/ceca.mini.icom.museum\/wp-content\/uploads\/sites\/5\/2023\/12\/LAC-13-07-300x300.jpg 300w, https:\/\/ceca.mini.icom.museum\/wp-content\/uploads\/sites\/5\/2023\/12\/LAC-13-07-150x150.jpg 150w, https:\/\/ceca.mini.icom.museum\/wp-content\/uploads\/sites\/5\/2023\/12\/LAC-13-07.jpg 706w\" sizes=\"(max-width: 300px) 100vw, 300px\" \/><\/a>\n\t\t\t<\/dt><\/dl><br style=\"clear: both\" \/><dl class='gallery-item'>\n\t\t\t<dt class='gallery-icon landscape'>\n\t\t\t\t<a href='https:\/\/ceca.mini.icom.museum\/fr\/conferences\/conferences-regionales\/lac-13-08\/'><img width=\"300\" height=\"300\" src=\"https:\/\/ceca.mini.icom.museum\/wp-content\/uploads\/sites\/5\/2023\/12\/LAC-13-08-300x300.jpg\" class=\"attachment-medium size-medium\" alt=\"\" decoding=\"async\" loading=\"lazy\" srcset=\"https:\/\/ceca.mini.icom.museum\/wp-content\/uploads\/sites\/5\/2023\/12\/LAC-13-08-300x300.jpg 300w, https:\/\/ceca.mini.icom.museum\/wp-content\/uploads\/sites\/5\/2023\/12\/LAC-13-08-150x150.jpg 150w, https:\/\/ceca.mini.icom.museum\/wp-content\/uploads\/sites\/5\/2023\/12\/LAC-13-08.jpg 706w\" sizes=\"(max-width: 300px) 100vw, 300px\" \/><\/a>\n\t\t\t<\/dt><\/dl><dl class='gallery-item'>\n\t\t\t<dt class='gallery-icon landscape'>\n\t\t\t\t<a href='https:\/\/ceca.mini.icom.museum\/fr\/conferences\/conferences-regionales\/lac-13-09\/'><img width=\"300\" height=\"300\" src=\"https:\/\/ceca.mini.icom.museum\/wp-content\/uploads\/sites\/5\/2023\/12\/LAC-13-09-300x300.jpg\" class=\"attachment-medium size-medium\" alt=\"\" decoding=\"async\" loading=\"lazy\" srcset=\"https:\/\/ceca.mini.icom.museum\/wp-content\/uploads\/sites\/5\/2023\/12\/LAC-13-09-300x300.jpg 300w, https:\/\/ceca.mini.icom.museum\/wp-content\/uploads\/sites\/5\/2023\/12\/LAC-13-09-150x150.jpg 150w, https:\/\/ceca.mini.icom.museum\/wp-content\/uploads\/sites\/5\/2023\/12\/LAC-13-09.jpg 706w\" sizes=\"(max-width: 300px) 100vw, 300px\" \/><\/a>\n\t\t\t<\/dt><\/dl><dl class='gallery-item'>\n\t\t\t<dt class='gallery-icon landscape'>\n\t\t\t\t<a href='https:\/\/ceca.mini.icom.museum\/fr\/conferences\/conferences-regionales\/lac-13-10\/'><img width=\"300\" height=\"300\" src=\"https:\/\/ceca.mini.icom.museum\/wp-content\/uploads\/sites\/5\/2023\/12\/LAC-13-10-300x300.jpg\" class=\"attachment-medium size-medium\" alt=\"\" decoding=\"async\" loading=\"lazy\" srcset=\"https:\/\/ceca.mini.icom.museum\/wp-content\/uploads\/sites\/5\/2023\/12\/LAC-13-10-300x300.jpg 300w, https:\/\/ceca.mini.icom.museum\/wp-content\/uploads\/sites\/5\/2023\/12\/LAC-13-10-150x150.jpg 150w, https:\/\/ceca.mini.icom.museum\/wp-content\/uploads\/sites\/5\/2023\/12\/LAC-13-10.jpg 700w\" sizes=\"(max-width: 300px) 100vw, 300px\" \/><\/a>\n\t\t\t<\/dt><\/dl><dl class='gallery-item'>\n\t\t\t<dt class='gallery-icon landscape'>\n\t\t\t\t<a href='https:\/\/ceca.mini.icom.museum\/fr\/conferences\/conferences-regionales\/lac-13-11\/'><img width=\"300\" height=\"300\" src=\"https:\/\/ceca.mini.icom.museum\/wp-content\/uploads\/sites\/5\/2023\/12\/LAC-13-11-300x300.jpg\" class=\"attachment-medium size-medium\" alt=\"\" decoding=\"async\" loading=\"lazy\" srcset=\"https:\/\/ceca.mini.icom.museum\/wp-content\/uploads\/sites\/5\/2023\/12\/LAC-13-11-300x300.jpg 300w, https:\/\/ceca.mini.icom.museum\/wp-content\/uploads\/sites\/5\/2023\/12\/LAC-13-11-150x150.jpg 150w, https:\/\/ceca.mini.icom.museum\/wp-content\/uploads\/sites\/5\/2023\/12\/LAC-13-11.jpg 700w\" sizes=\"(max-width: 300px) 100vw, 300px\" \/><\/a>\n\t\t\t<\/dt><\/dl><br style=\"clear: both\" \/><dl class='gallery-item'>\n\t\t\t<dt class='gallery-icon landscape'>\n\t\t\t\t<a href='https:\/\/ceca.mini.icom.museum\/fr\/conferences\/conferences-regionales\/lac-13-12\/'><img width=\"300\" height=\"300\" src=\"https:\/\/ceca.mini.icom.museum\/wp-content\/uploads\/sites\/5\/2023\/12\/LAC-13-12-300x300.jpg\" class=\"attachment-medium size-medium\" alt=\"\" decoding=\"async\" loading=\"lazy\" srcset=\"https:\/\/ceca.mini.icom.museum\/wp-content\/uploads\/sites\/5\/2023\/12\/LAC-13-12-300x300.jpg 300w, https:\/\/ceca.mini.icom.museum\/wp-content\/uploads\/sites\/5\/2023\/12\/LAC-13-12-150x150.jpg 150w, https:\/\/ceca.mini.icom.museum\/wp-content\/uploads\/sites\/5\/2023\/12\/LAC-13-12.jpg 706w\" sizes=\"(max-width: 300px) 100vw, 300px\" \/><\/a>\n\t\t\t<\/dt><\/dl><dl class='gallery-item'>\n\t\t\t<dt class='gallery-icon landscape'>\n\t\t\t\t<a href='https:\/\/ceca.mini.icom.museum\/fr\/conferences\/conferences-regionales\/lac-13-13\/'><img width=\"300\" height=\"300\" src=\"https:\/\/ceca.mini.icom.museum\/wp-content\/uploads\/sites\/5\/2023\/12\/LAC-13-13-300x300.jpg\" class=\"attachment-medium size-medium\" alt=\"\" decoding=\"async\" loading=\"lazy\" srcset=\"https:\/\/ceca.mini.icom.museum\/wp-content\/uploads\/sites\/5\/2023\/12\/LAC-13-13-300x300.jpg 300w, https:\/\/ceca.mini.icom.museum\/wp-content\/uploads\/sites\/5\/2023\/12\/LAC-13-13-150x150.jpg 150w, https:\/\/ceca.mini.icom.museum\/wp-content\/uploads\/sites\/5\/2023\/12\/LAC-13-13.jpg 706w\" sizes=\"(max-width: 300px) 100vw, 300px\" \/><\/a>\n\t\t\t<\/dt><\/dl><dl class='gallery-item'>\n\t\t\t<dt class='gallery-icon landscape'>\n\t\t\t\t<a href='https:\/\/ceca.mini.icom.museum\/fr\/conferences\/conferences-regionales\/lac-13-14\/'><img width=\"300\" height=\"300\" src=\"https:\/\/ceca.mini.icom.museum\/wp-content\/uploads\/sites\/5\/2023\/12\/LAC-13-14-300x300.jpg\" class=\"attachment-medium size-medium\" alt=\"\" decoding=\"async\" loading=\"lazy\" srcset=\"https:\/\/ceca.mini.icom.museum\/wp-content\/uploads\/sites\/5\/2023\/12\/LAC-13-14-300x300.jpg 300w, https:\/\/ceca.mini.icom.museum\/wp-content\/uploads\/sites\/5\/2023\/12\/LAC-13-14-150x150.jpg 150w, https:\/\/ceca.mini.icom.museum\/wp-content\/uploads\/sites\/5\/2023\/12\/LAC-13-14.jpg 706w\" sizes=\"(max-width: 300px) 100vw, 300px\" \/><\/a>\n\t\t\t<\/dt><\/dl><dl class='gallery-item'>\n\t\t\t<dt class='gallery-icon landscape'>\n\t\t\t\t<a href='https:\/\/ceca.mini.icom.museum\/fr\/conferences\/conferences-regionales\/lac-13-15\/'><img width=\"300\" height=\"300\" src=\"https:\/\/ceca.mini.icom.museum\/wp-content\/uploads\/sites\/5\/2023\/12\/LAC-13-15-300x300.jpg\" class=\"attachment-medium size-medium\" alt=\"\" decoding=\"async\" loading=\"lazy\" srcset=\"https:\/\/ceca.mini.icom.museum\/wp-content\/uploads\/sites\/5\/2023\/12\/LAC-13-15-300x300.jpg 300w, https:\/\/ceca.mini.icom.museum\/wp-content\/uploads\/sites\/5\/2023\/12\/LAC-13-15-150x150.jpg 150w, https:\/\/ceca.mini.icom.museum\/wp-content\/uploads\/sites\/5\/2023\/12\/LAC-13-15.jpg 706w\" sizes=\"(max-width: 300px) 100vw, 300px\" \/><\/a>\n\t\t\t<\/dt><\/dl><br style=\"clear: both\" \/><dl class='gallery-item'>\n\t\t\t<dt class='gallery-icon landscape'>\n\t\t\t\t<a href='https:\/\/ceca.mini.icom.museum\/fr\/conferences\/conferences-regionales\/lac-13-16\/'><img width=\"300\" height=\"300\" src=\"https:\/\/ceca.mini.icom.museum\/wp-content\/uploads\/sites\/5\/2023\/12\/LAC-13-16-300x300.jpg\" class=\"attachment-medium size-medium\" alt=\"\" decoding=\"async\" loading=\"lazy\" srcset=\"https:\/\/ceca.mini.icom.museum\/wp-content\/uploads\/sites\/5\/2023\/12\/LAC-13-16-300x300.jpg 300w, https:\/\/ceca.mini.icom.museum\/wp-content\/uploads\/sites\/5\/2023\/12\/LAC-13-16-150x150.jpg 150w, https:\/\/ceca.mini.icom.museum\/wp-content\/uploads\/sites\/5\/2023\/12\/LAC-13-16.jpg 706w\" sizes=\"(max-width: 300px) 100vw, 300px\" \/><\/a>\n\t\t\t<\/dt><\/dl><dl class='gallery-item'>\n\t\t\t<dt class='gallery-icon landscape'>\n\t\t\t\t<a href='https:\/\/ceca.mini.icom.museum\/fr\/conferences\/conferences-regionales\/lac-13-17\/'><img width=\"300\" height=\"300\" src=\"https:\/\/ceca.mini.icom.museum\/wp-content\/uploads\/sites\/5\/2023\/12\/LAC-13-17-300x300.jpg\" class=\"attachment-medium size-medium\" alt=\"\" decoding=\"async\" loading=\"lazy\" srcset=\"https:\/\/ceca.mini.icom.museum\/wp-content\/uploads\/sites\/5\/2023\/12\/LAC-13-17-300x300.jpg 300w, https:\/\/ceca.mini.icom.museum\/wp-content\/uploads\/sites\/5\/2023\/12\/LAC-13-17-150x150.jpg 150w, https:\/\/ceca.mini.icom.museum\/wp-content\/uploads\/sites\/5\/2023\/12\/LAC-13-17.jpg 706w\" sizes=\"(max-width: 300px) 100vw, 300px\" \/><\/a>\n\t\t\t<\/dt><\/dl><dl class='gallery-item'>\n\t\t\t<dt class='gallery-icon landscape'>\n\t\t\t\t<a href='https:\/\/ceca.mini.icom.museum\/fr\/conferences\/conferences-regionales\/lac-13-18\/'><img width=\"300\" height=\"300\" src=\"https:\/\/ceca.mini.icom.museum\/wp-content\/uploads\/sites\/5\/2023\/12\/LAC-13-18-300x300.jpg\" class=\"attachment-medium size-medium\" alt=\"\" decoding=\"async\" loading=\"lazy\" srcset=\"https:\/\/ceca.mini.icom.museum\/wp-content\/uploads\/sites\/5\/2023\/12\/LAC-13-18-300x300.jpg 300w, https:\/\/ceca.mini.icom.museum\/wp-content\/uploads\/sites\/5\/2023\/12\/LAC-13-18-150x150.jpg 150w, https:\/\/ceca.mini.icom.museum\/wp-content\/uploads\/sites\/5\/2023\/12\/LAC-13-18.jpg 706w\" sizes=\"(max-width: 300px) 100vw, 300px\" \/><\/a>\n\t\t\t<\/dt><\/dl><dl class='gallery-item'>\n\t\t\t<dt class='gallery-icon landscape'>\n\t\t\t\t<a href='https:\/\/ceca.mini.icom.museum\/fr\/conferences\/conferences-regionales\/lac-13-19\/'><img width=\"300\" height=\"300\" src=\"https:\/\/ceca.mini.icom.museum\/wp-content\/uploads\/sites\/5\/2023\/12\/LAC-13-19-300x300.jpg\" class=\"attachment-medium size-medium\" alt=\"\" decoding=\"async\" loading=\"lazy\" srcset=\"https:\/\/ceca.mini.icom.museum\/wp-content\/uploads\/sites\/5\/2023\/12\/LAC-13-19-300x300.jpg 300w, https:\/\/ceca.mini.icom.museum\/wp-content\/uploads\/sites\/5\/2023\/12\/LAC-13-19-150x150.jpg 150w, https:\/\/ceca.mini.icom.museum\/wp-content\/uploads\/sites\/5\/2023\/12\/LAC-13-19.jpg 706w\" sizes=\"(max-width: 300px) 100vw, 300px\" \/><\/a>\n\t\t\t<\/dt><\/dl><br style=\"clear: both\" \/><dl class='gallery-item'>\n\t\t\t<dt class='gallery-icon landscape'>\n\t\t\t\t<a href='https:\/\/ceca.mini.icom.museum\/fr\/conferences\/conferences-regionales\/lac-13-20\/'><img width=\"300\" height=\"300\" src=\"https:\/\/ceca.mini.icom.museum\/wp-content\/uploads\/sites\/5\/2023\/12\/LAC-13-20-300x300.jpg\" class=\"attachment-medium size-medium\" alt=\"\" decoding=\"async\" loading=\"lazy\" srcset=\"https:\/\/ceca.mini.icom.museum\/wp-content\/uploads\/sites\/5\/2023\/12\/LAC-13-20-300x300.jpg 300w, https:\/\/ceca.mini.icom.museum\/wp-content\/uploads\/sites\/5\/2023\/12\/LAC-13-20-150x150.jpg 150w, https:\/\/ceca.mini.icom.museum\/wp-content\/uploads\/sites\/5\/2023\/12\/LAC-13-20.jpg 706w\" sizes=\"(max-width: 300px) 100vw, 300px\" \/><\/a>\n\t\t\t<\/dt><\/dl><dl class='gallery-item'>\n\t\t\t<dt class='gallery-icon landscape'>\n\t\t\t\t<a href='https:\/\/ceca.mini.icom.museum\/fr\/conferences\/conferences-regionales\/lac-13-21\/'><img width=\"300\" height=\"300\" src=\"https:\/\/ceca.mini.icom.museum\/wp-content\/uploads\/sites\/5\/2023\/12\/LAC-13-21-300x300.jpg\" class=\"attachment-medium size-medium\" alt=\"\" decoding=\"async\" loading=\"lazy\" srcset=\"https:\/\/ceca.mini.icom.museum\/wp-content\/uploads\/sites\/5\/2023\/12\/LAC-13-21-300x300.jpg 300w, https:\/\/ceca.mini.icom.museum\/wp-content\/uploads\/sites\/5\/2023\/12\/LAC-13-21-150x150.jpg 150w, https:\/\/ceca.mini.icom.museum\/wp-content\/uploads\/sites\/5\/2023\/12\/LAC-13-21.jpg 706w\" sizes=\"(max-width: 300px) 100vw, 300px\" \/><\/a>\n\t\t\t<\/dt><\/dl><dl class='gallery-item'>\n\t\t\t<dt class='gallery-icon landscape'>\n\t\t\t\t<a href='https:\/\/ceca.mini.icom.museum\/fr\/conferences\/conferences-regionales\/lac-13-22\/'><img width=\"300\" height=\"300\" src=\"https:\/\/ceca.mini.icom.museum\/wp-content\/uploads\/sites\/5\/2023\/12\/LAC-13-22-300x300.jpg\" class=\"attachment-medium size-medium\" alt=\"\" decoding=\"async\" loading=\"lazy\" srcset=\"https:\/\/ceca.mini.icom.museum\/wp-content\/uploads\/sites\/5\/2023\/12\/LAC-13-22-300x300.jpg 300w, https:\/\/ceca.mini.icom.museum\/wp-content\/uploads\/sites\/5\/2023\/12\/LAC-13-22-150x150.jpg 150w, https:\/\/ceca.mini.icom.museum\/wp-content\/uploads\/sites\/5\/2023\/12\/LAC-13-22.jpg 706w\" sizes=\"(max-width: 300px) 100vw, 300px\" \/><\/a>\n\t\t\t<\/dt><\/dl><dl class='gallery-item'>\n\t\t\t<dt class='gallery-icon landscape'>\n\t\t\t\t<a href='https:\/\/ceca.mini.icom.museum\/fr\/conferences\/conferences-regionales\/lac-13-23\/'><img width=\"300\" height=\"300\" src=\"https:\/\/ceca.mini.icom.museum\/wp-content\/uploads\/sites\/5\/2023\/12\/LAC-13-23-300x300.jpg\" class=\"attachment-medium size-medium\" alt=\"\" decoding=\"async\" loading=\"lazy\" srcset=\"https:\/\/ceca.mini.icom.museum\/wp-content\/uploads\/sites\/5\/2023\/12\/LAC-13-23-300x300.jpg 300w, https:\/\/ceca.mini.icom.museum\/wp-content\/uploads\/sites\/5\/2023\/12\/LAC-13-23-150x150.jpg 150w, https:\/\/ceca.mini.icom.museum\/wp-content\/uploads\/sites\/5\/2023\/12\/LAC-13-23.jpg 706w\" sizes=\"(max-width: 300px) 100vw, 300px\" \/><\/a>\n\t\t\t<\/dt><\/dl><br style=\"clear: both\" \/><dl class='gallery-item'>\n\t\t\t<dt class='gallery-icon landscape'>\n\t\t\t\t<a href='https:\/\/ceca.mini.icom.museum\/fr\/conferences\/conferences-regionales\/lac-13-24\/'><img width=\"300\" height=\"300\" src=\"https:\/\/ceca.mini.icom.museum\/wp-content\/uploads\/sites\/5\/2023\/12\/LAC-13-24-300x300.jpg\" class=\"attachment-medium size-medium\" alt=\"\" decoding=\"async\" loading=\"lazy\" srcset=\"https:\/\/ceca.mini.icom.museum\/wp-content\/uploads\/sites\/5\/2023\/12\/LAC-13-24-300x300.jpg 300w, https:\/\/ceca.mini.icom.museum\/wp-content\/uploads\/sites\/5\/2023\/12\/LAC-13-24-150x150.jpg 150w, https:\/\/ceca.mini.icom.museum\/wp-content\/uploads\/sites\/5\/2023\/12\/LAC-13-24.jpg 706w\" sizes=\"(max-width: 300px) 100vw, 300px\" \/><\/a>\n\t\t\t<\/dt><\/dl><dl class='gallery-item'>\n\t\t\t<dt class='gallery-icon landscape'>\n\t\t\t\t<a href='https:\/\/ceca.mini.icom.museum\/fr\/conferences\/conferences-regionales\/lac-13-25\/'><img width=\"300\" height=\"300\" src=\"https:\/\/ceca.mini.icom.museum\/wp-content\/uploads\/sites\/5\/2023\/12\/LAC-13-25-300x300.jpg\" class=\"attachment-medium size-medium\" alt=\"\" decoding=\"async\" loading=\"lazy\" srcset=\"https:\/\/ceca.mini.icom.museum\/wp-content\/uploads\/sites\/5\/2023\/12\/LAC-13-25-300x300.jpg 300w, https:\/\/ceca.mini.icom.museum\/wp-content\/uploads\/sites\/5\/2023\/12\/LAC-13-25-150x150.jpg 150w, https:\/\/ceca.mini.icom.museum\/wp-content\/uploads\/sites\/5\/2023\/12\/LAC-13-25.jpg 706w\" sizes=\"(max-width: 300px) 100vw, 300px\" \/><\/a>\n\t\t\t<\/dt><\/dl>\n\t\t\t<br style='clear: both' \/>\n\t\t<\/div>\n\n<p>&nbsp;<\/p>\n<h3>ARGENTINA 2019<\/h3>\n<p><img decoding=\"async\" loading=\"lazy\" class=\" wp-image-3016 alignright\" src=\"https:\/\/ceca.mini.icom.museum\/wp-content\/uploads\/sites\/5\/2019\/12\/int-mus-day-2019-300R-203x300.jpg\" alt=\"\" width=\"138\" height=\"204\" srcset=\"https:\/\/ceca.mini.icom.museum\/wp-content\/uploads\/sites\/5\/2019\/12\/int-mus-day-2019-300R-203x300.jpg 203w, https:\/\/ceca.mini.icom.museum\/wp-content\/uploads\/sites\/5\/2019\/12\/int-mus-day-2019-300R.jpg 300w\" sizes=\"(max-width: 138px) 100vw, 138px\" \/>International Museums Day 2019 &#8211; <strong>&#8220;Dialogue between the museum and society&#8221;<\/strong> &#8211; Regional Historical Museum &#8220;Faustino Queipo&#8221; &#8211; Partido de San Cayetano, province of Buenos Aires. Argentina.<br \/>\nHosted by Mercedes Mur\u00faa, CECA national correspondent in Argentina and Nora Labord, curator of the museum.<\/p>\n<p>&lt;<a href=\"https:\/\/ceca.mini.icom.museum\/wp-content\/uploads\/sites\/5\/2019\/12\/International-Museums-Day-2019-Argentina-ANG.pdf\" target=\"_blank\" rel=\"noopener\">International Museums Day 2019 Argentina<\/a>&gt;<\/p>\n<p>&nbsp;<\/p>\n<h3>ARGENTINA 2019<\/h3>\n<p><img decoding=\"async\" loading=\"lazy\" class=\"alignright wp-image-3056\" src=\"https:\/\/ceca.mini.icom.museum\/wp-content\/uploads\/sites\/5\/2019\/12\/training-museum-edication-argentine-2019_26b-217x300.jpg\" alt=\"\" width=\"138\" height=\"191\" srcset=\"https:\/\/ceca.mini.icom.museum\/wp-content\/uploads\/sites\/5\/2019\/12\/training-museum-edication-argentine-2019_26b-217x300.jpg 217w, https:\/\/ceca.mini.icom.museum\/wp-content\/uploads\/sites\/5\/2019\/12\/training-museum-edication-argentine-2019_26b.jpg 283w\" sizes=\"(max-width: 138px) 100vw, 138px\" \/>XI CECA National Meeting in Argentina.<br \/>\n6th National Meeting for the Training of Museum Educators <strong>&#8220;Museum education&#8221;<\/strong> &#8211; October 4 and 5 2019.<br \/>\nEducational services, guided tours, public attention; evaluation of educational practices.<br \/>\nArgentine Library and the Museum of Decorative Art &#8220;Firma y Odilio Estevez&#8221;, Rosario (Argentina).<br \/>\nMercedes Mur\u00faa, national correspondant of CECA in Argentina, Nora Labord, curator oft he museum.<\/p>\n<p>&lt;<a href=\"https:\/\/ceca.mini.icom.museum\/wp-content\/uploads\/sites\/5\/2019\/12\/XI-CECA-National-Meeting-2019-in-Argentina-ANG.pdf\" target=\"_blank\" rel=\"noopener\">XI CECA National Meeting 2019 in Argentina<\/a>&gt;<\/p>\n<p>&nbsp;<\/p>\n<h3>ARGENTINA 2019<\/h3>\n<p><img decoding=\"async\" loading=\"lazy\" class=\"alignright wp-image-3080\" src=\"https:\/\/ceca.mini.icom.museum\/wp-content\/uploads\/sites\/5\/2019\/12\/Flyer-Workshop-to-introduce-CECA-BP-300x200.jpg\" alt=\"\" width=\"200\" height=\"133\" srcset=\"https:\/\/ceca.mini.icom.museum\/wp-content\/uploads\/sites\/5\/2019\/12\/Flyer-Workshop-to-introduce-CECA-BP-300x200.jpg 300w, https:\/\/ceca.mini.icom.museum\/wp-content\/uploads\/sites\/5\/2019\/12\/Flyer-Workshop-to-introduce-CECA-BP.jpg 314w\" sizes=\"(max-width: 200px) 100vw, 200px\" \/>Workshop to introduce ICOM CECA Best Practices in educational and cultural programmes &#8211; 9th Meeting of the Museums of Patagonia Sur-Sur<br \/>\nUshuaia (Tierra del Fuego province &#8211; Argentina) &#8211; 31 October, 1 and 2 November 2019.<br \/>\nDirected by Margarita Laraign\u00e9e, CECA Communication Coordinator.<\/p>\n<p>&lt;<a href=\"https:\/\/ceca.mini.icom.museum\/wp-content\/uploads\/sites\/5\/2019\/12\/Workshop-introduce-CECA-BP-Ushuaia-Argentina-2019-ANG.pdf\" target=\"_blank\" rel=\"noopener\">Workshop introduce CECA BP 2019 &#8211; Ushuaia, Argentina. <\/a>&gt;<\/p>\n<p>&nbsp;<\/p>\n<h3>CHILE 2019<\/h3>\n<p><img decoding=\"async\" loading=\"lazy\" class=\"alignright wp-image-3100\" src=\"https:\/\/ceca.mini.icom.museum\/wp-content\/uploads\/sites\/5\/2019\/12\/difusi\u00f3n-de-experiencias-formativas-2019-Chili-242x300.jpg\" alt=\"\" width=\"140\" height=\"173\" srcset=\"https:\/\/ceca.mini.icom.museum\/wp-content\/uploads\/sites\/5\/2019\/12\/difusi\u00f3n-de-experiencias-formativas-2019-Chili-242x300.jpg 242w, https:\/\/ceca.mini.icom.museum\/wp-content\/uploads\/sites\/5\/2019\/12\/difusi\u00f3n-de-experiencias-formativas-2019-Chili.jpg 314w\" sizes=\"(max-width: 140px) 100vw, 140px\" \/>1st Open Day for the dissemination of ECSC Chile&#8217;s educational experiences &#8211; January 14, 2019 &#8211; Gabriela Mistral Education Museum. Santiago.<\/p>\n<p><strong>The topics discussed were:<\/strong><br \/>\n&#8211; Branding, relevant and attractive museum &#8211; FernandaMart\u00ednez<br \/>\n&#8211; World Forum of Young Museum Workers &#8211; Mat\u00edasCornejo<br \/>\n&#8211; Education management and current challenges \u2013 FernandaVenegas<br \/>\nParticipants: 35 people<\/p>\n<p>&nbsp;<\/p>\n<h3>CHILE 2019<\/h3>\n<p><img decoding=\"async\" loading=\"lazy\" class=\"alignright wp-image-3110\" src=\"https:\/\/ceca.mini.icom.museum\/wp-content\/uploads\/sites\/5\/2019\/12\/Quand-manger-et-penser-Chili-2019_300-217x300.jpg\" alt=\"\" width=\"140\" height=\"194\" srcset=\"https:\/\/ceca.mini.icom.museum\/wp-content\/uploads\/sites\/5\/2019\/12\/Quand-manger-et-penser-Chili-2019_300-217x300.jpg 217w, https:\/\/ceca.mini.icom.museum\/wp-content\/uploads\/sites\/5\/2019\/12\/Quand-manger-et-penser-Chili-2019_300.jpg 314w\" sizes=\"(max-width: 140px) 100vw, 140px\" \/>Speech\/Workshop &#8220;<strong>When to eat and think is a museum business. Recipes for cultural management<\/strong>&#8221;<br \/>\nVioleta Parra Museum &#8211; Santiago de Chile &#8211; January 23, 2019<\/p>\n<p>&lt;<a href=\"https:\/\/ceca.mini.icom.museum\/wp-content\/uploads\/sites\/5\/2019\/12\/When-to-eat-and-think-is-a-museum-business-2019-Chile-ANG.pdf\" target=\"_blank\" rel=\"noopener\">When to eat and think is a museum business. 2019 Chile<\/a>&gt;<\/p>\n<p>&nbsp;<\/p>\n<h3><\/h3>\n<h3>CHILE 2019<\/h3>\n<p><img decoding=\"async\" loading=\"lazy\" class=\"alignright wp-image-3128\" src=\"https:\/\/ceca.mini.icom.museum\/wp-content\/uploads\/sites\/5\/2019\/12\/affiche-museum-art-et-migration-300-300x300.jpg\" alt=\"\" width=\"140\" height=\"140\" srcset=\"https:\/\/ceca.mini.icom.museum\/wp-content\/uploads\/sites\/5\/2019\/12\/affiche-museum-art-et-migration-300-300x300.jpg 300w, https:\/\/ceca.mini.icom.museum\/wp-content\/uploads\/sites\/5\/2019\/12\/affiche-museum-art-et-migration-300-150x150.jpg 150w, https:\/\/ceca.mini.icom.museum\/wp-content\/uploads\/sites\/5\/2019\/12\/affiche-museum-art-et-migration-300.jpg 314w\" sizes=\"(max-width: 140px) 100vw, 140px\" \/><\/p>\n<p>Seminar <strong>&#8220;Museum, art and migration: a space for meetings&#8221;<\/strong> &#8211; MAVI Museum of Visual Arts &#8211; Santiago de Chile &#8211; January 26, 2019<\/p>\n<p>This activity is the result of a collaboration between the MAVI Museum of Visual Arts and ICOM-CECA Chile.<br \/>\nResponsible: museum educator Leonardo Casado from Argentina<\/p>\n<p>&lt;<a href=\"https:\/\/ceca.mini.icom.museum\/wp-content\/uploads\/sites\/5\/2019\/12\/Museum-art-and-migration-a-space-for-meetings-ANG.pdf\" target=\"_blank\" rel=\"noopener\">Museum, art and migration &#8211; a space for meetings. 2019 Chile<\/a>&gt;<\/p>\n<p>&nbsp;<\/p>\n<hr \/>\n<p>&nbsp;<\/p>\n<p>&nbsp;<\/p>\n<p>&nbsp;<\/p>\n","protected":false},"excerpt":{"rendered":"<p>Europe GRECE 2023 Le Comit\u00e9 national hell\u00e9nique de l&#8217;ICOM, en partenariat avec l&#8217;ICOM-Europe, l&#8217;ICOM-France et l&#8217;ICOM-Chypre, et avec l&#8217;ICOM-CECA, l&#8217;ICOM-Belgique, l&#8217;ICOM-Allemagne, l&#8217;ICOM-Italie, l&#8217;ICOM-Moldavie, l&#8217;ICOM-Roumanie et l&#8217;ICOM-UKRAINE en tant que Comit\u00e9s associ\u00e9s, a re\u00e7u une subvention de l&#8217;ICOM-SAREC 2023 pour organiser la Conf\u00e9rence europ\u00e9enne &#8220;L&#8217;Europe des mus\u00e9es : Nouvelle d\u00e9finition, nouvelles perspectives. Identit\u00e9, cr\u00e9dibilit\u00e9, durabilit\u00e9&#8221;. La [&hellip;]<\/p>\n","protected":false},"author":1,"featured_media":0,"parent":136,"menu_order":4,"comment_status":"closed","ping_status":"closed","template":"","meta":{"footnotes":""},"yst_prominent_words":[1734,91,614,111,389,617,2693,1771,291,387,395,1736],"acf":[],"_links":{"self":[{"href":"https:\/\/ceca.mini.icom.museum\/fr\/wp-json\/wp\/v2\/pages\/4167"}],"collection":[{"href":"https:\/\/ceca.mini.icom.museum\/fr\/wp-json\/wp\/v2\/pages"}],"about":[{"href":"https:\/\/ceca.mini.icom.museum\/fr\/wp-json\/wp\/v2\/types\/page"}],"author":[{"embeddable":true,"href":"https:\/\/ceca.mini.icom.museum\/fr\/wp-json\/wp\/v2\/users\/1"}],"replies":[{"embeddable":true,"href":"https:\/\/ceca.mini.icom.museum\/fr\/wp-json\/wp\/v2\/comments?post=4167"}],"version-history":[{"count":7,"href":"https:\/\/ceca.mini.icom.museum\/fr\/wp-json\/wp\/v2\/pages\/4167\/revisions"}],"predecessor-version":[{"id":12085,"href":"https:\/\/ceca.mini.icom.museum\/fr\/wp-json\/wp\/v2\/pages\/4167\/revisions\/12085"}],"up":[{"embeddable":true,"href":"https:\/\/ceca.mini.icom.museum\/fr\/wp-json\/wp\/v2\/pages\/136"}],"wp:attachment":[{"href":"https:\/\/ceca.mini.icom.museum\/fr\/wp-json\/wp\/v2\/media?parent=4167"}],"wp:term":[{"taxonomy":"yst_prominent_words","embeddable":true,"href":"https:\/\/ceca.mini.icom.museum\/fr\/wp-json\/wp\/v2\/yst_prominent_words?post=4167"}],"curies":[{"name":"wp","href":"https:\/\/api.w.org\/{rel}","templated":true}]}}